{"id":19,"date":"2011-12-18T19:18:34","date_gmt":"2011-12-18T19:18:34","guid":{"rendered":"http:\/\/historischcafe.nl\/wordpress\/?page_id=19"},"modified":"2026-03-31T09:50:38","modified_gmt":"2026-03-31T08:50:38","slug":"agenda","status":"publish","type":"page","link":"https:\/\/historischcafe.nl\/wordpress\/?page_id=19","title":{"rendered":"Archief"},"content":{"rendered":"<p>Hieronder treft u voorgaande edities van het Historisch Caf\u00e9 aan.<\/p>\n<h5>Seizoen 2025-2026<\/h5>\n<p>11 maart 2026: <a href=\"https:\/\/historischcafe.nl\/wordpress\/?page_id=4097\">Tim Ruting over Flexibele arbeid en Anna Boogaard over De Kriterionmeisjes.<\/a><\/p>\n<p>11 februari 2026: <a href=\"https:\/\/historischcafe.nl\/wordpress\/?page_id=4085\">Michel Krielaars over de Wolga en Maarten Reesink over katten<\/a><\/p>\n<p>14 januari 2026: <a href=\"https:\/\/historischcafe.nl\/wordpress\/?page_id=4074\">Isabel Casteels over executies in de Lage Landen en Janna Coomans over Dievenland<\/a><\/p>\n<p>10 december 2025: <a href=\"https:\/\/historischcafe.nl\/wordpress\/?page_id=4053\">Eva Vriend over vader en zoon Thijsse en Paul Knevel over de Nieuwe Canon van Amsterdam<\/a><\/p>\n<p>12 november 2025: <a href=\"https:\/\/historischcafe.nl\/wordpress\/?page_id=4042\">Dirk Alkemade over Pieter Vreede en de Nederlandse Revolutie en Remco Breuker over de twee Korea&#8217;s<\/a><\/p>\n<p>8 oktober 2025: <a href=\"https:\/\/historischcafe.nl\/wordpress\/?page_id=4033\">Amber Striekwold over de geschiedenis van het Nederlandse voedselsysteem en speciale Maand van de geschiedenis stand-up history over Natuurlijk<\/a><\/p>\n<p>10 september 2025: <a href=\"https:\/\/historischcafe.nl\/wordpress\/?page_id=4022\">Saskia Pieterse en Janneke Stegemans over protestantisme en het Nederlandse zelfbeeld en Vadim Dijkshoorn en Ezli Suitela over Molukse volksverhalen<\/a><\/p>\n<h5>Seizoen 2024-2025<\/h5>\n<p>14 mei 2025: <a href=\"https:\/\/historischcafe.nl\/wordpress\/?page_id=4002\">Luuk Bouwman over <em>De Propagandist<\/em> en Nike Stam over Kneecap en Keltische talen<\/a><\/p>\n<p>9 april 2025: <a href=\"https:\/\/historischcafe.nl\/wordpress\/?page_id=3984\">Ro\u00eds\u00eds Douglas en Frans Camphuijsen over middeleeuws Amsterdam en Emma Sow en Sjoerd Ramackers over het koloniale en slavernijverleden van Leiden<\/a><\/p>\n<p>12 maart 2025: <a href=\"https:\/\/historischcafe.nl\/wordpress\/?page_id=3972\">Antonia Weiss over vrouwen en groene ruimtes in achttiende-eeuws Amsterdam en Berlijn en Raphael Hunsucker over stichtingsmythes van Rome<\/a><\/p>\n<p>12 februari 2025: <a href=\"https:\/\/historischcafe.nl\/wordpress\/?page_id=3953\">Sana Valiulina over de tocht van haar vader en Diederik Burgersdijk en Dirk Vervenne over Carthago<\/a><\/p>\n<p>8 januari 2025: <a href=\"https:\/\/historischcafe.nl\/wordpress\/?page_id=3945\">Caro Verbeek over Mondriaan en de Sint Bernardshond en Sandra Langereis over Eise Eisinga<\/a><\/p>\n<p>11 december 2024: <a href=\"https:\/\/historischcafe.nl\/wordpress\/?page_id=3930\">Wouter Linmans over revolutionair Amsterdam in 1918<\/a><\/p>\n<p>13 november 2024: <a href=\"https:\/\/historischcafe.nl\/wordpress\/?page_id=3917\">Arjan den Boer over Theodor Sanders en David Rijser over Arachne en de imams<\/a><\/p>\n<p>9 oktober 2024: <a href=\"https:\/\/historischcafe.nl\/wordpress\/?page_id=3898\">Marlisa den Hartog over seks in de Middeleeuwen en speciale Maand van de geschiedenis-stand up history over echt nep<\/a><\/p>\n<p>11 september 2024: <a href=\"https:\/\/historischcafe.nl\/wordpress\/?page_id=3887\">Bas von Benda-Beckmann over familiegeschiedenis en nationaalsocialisme en Coen Brummer over Sam van Houten<\/a><\/p>\n<p>&nbsp;<\/p>\n<h5>Seizoen 2023-2024<\/h5>\n<p>8 mei 2024: <a href=\"https:\/\/historischcafe.nl\/wordpress\/?page_id=3866\">Eline Verburg over herinneringscultuur rond de Etrusken en Tom van der Molen over Manahaht\u00e1anung of Nieuw Amsterdam<\/a><\/p>\n<p>10 april 2024: <a href=\"https:\/\/historischcafe.nl\/wordpress\/?page_id=3857\">Jos Palm over zijn roomse en rode jaren en Tijmen van Voorthuizen over Mokumse homoseksuelen tijdens het fin-de-si\u00e8cle<\/a><\/p>\n<p><a href=\"https:\/\/historischcafe.nl\/wordpress\/?page_id=3843\">13 maart 2024: Nathan van Kleij over middeleeuwse medemensen en Laurien Vastenhout en Bart van den Boom over Joodse raden tijdens de bezetting<\/a><\/p>\n<p><a href=\"https:\/\/historischcafe.nl\/wordpress\/?page_id=3832\">14 februari 2024: Dirk-Jan Verdonk over de plofkip en Willemien van Dijk over Gerardus Johannes Joha<\/a><\/p>\n<p><a href=\"https:\/\/historischcafe.nl\/wordpress\/?page_id=3822\">10 januari 2024: Joris Oddens over petities en Koen de Groot over de pauselijke Zoeaven<\/a><\/p>\n<p><a href=\"https:\/\/historischcafe.nl\/wordpress\/?page_id=3804\">13 december 2023: Johan Kuiper over Napoleon en Jeroen Kemperman over historisch onderzoek in overheidsopdracht<\/a><\/p>\n<p><a href=\"https:\/\/historischcafe.nl\/wordpress\/?page_id=3776\">8 november 2023: Tom Buitendorp over Caesar in de Lage Landen en Kadia Bijlmakers &amp; Eddy de Clercq over Amsterdamse clubcultuur<\/a><\/p>\n<p><a href=\"https:\/\/historischcafe.nl\/wordpress\/?page_id=3758\">11 oktober 2023: Twintig jaar Historisch Caf\u00e9! Speciale jubileumeditie met Astrid Sy en veel andere gasten<\/a><\/p>\n<p><a href=\"https:\/\/historischcafe.nl\/wordpress\/?page_id=3732\">13 september 2023: Frits van Oostrom en Maaike Warnaar<\/a><\/p>\n<h5>Seizoen 2022-2023<\/h5>\n<p><a href=\"https:\/\/historischcafe.nl\/wordpress\/?page_id=3671\">10 mei 2023: Anne-Lot Hoek en Selma Leyderdorff<\/a><\/p>\n<p><a href=\"https:\/\/historischcafe.nl\/wordpress\/?page_id=3681\">12 april 2023: Thijs Gras, David de Boer en Lotte van Hasselt<\/a><\/p>\n<p><a href=\"https:\/\/historischcafe.nl\/wordpress\/?page_id=3659\">8 maart 2023: Ele\u00e1 de la Porte en Ewoud Sanders<\/a><\/p>\n<p><a href=\"https:\/\/historischcafe.nl\/wordpress\/?page_id=3645\">8 februari 2023: Laura van Hasselt, Henk Looijesteijn en Rose Spijkerman<\/a><\/p>\n<p><a href=\"https:\/\/historischcafe.nl\/wordpress\/?page_id=3633\">11 januari 2023: Melle van Maanen en Floor Haalboom<\/a><\/p>\n<p><a href=\"https:\/\/historischcafe.nl\/wordpress\/?page_id=3619\">14 december 2022: Gijs van der Ham en Bram Mellink<\/a><\/p>\n<p><a href=\"https:\/\/historischcafe.nl\/wordpress\/?page_id=3600\">9 november 2022: Steije Hofhuis en Gijs Kessler<\/a><\/p>\n<p><a href=\"https:\/\/historischcafe.nl\/wordpress\/?page_id=3588\">12 oktober 2022: Patrick Vlegels &amp; Mari\u00eblle Callenbach en D\u00e1niel Moerman &amp; Milja van Tielhof<\/a><\/p>\n<p><a href=\"https:\/\/historischcafe.nl\/wordpress\/?page_id=3575\">14 september 2022: John Jansen van Galen, Jouke Turpijn en Diederik Burgersdijk<\/a><\/p>\n<h5>Seizoen 2021-2022<\/h5>\n<p><a href=\"https:\/\/historischcafe.nl\/wordpress\/?page_id=3543\">11 mei 2022: Raymond Fagel en Yvonne Scholten<\/a><\/p>\n<p><a href=\"https:\/\/historischcafe.nl\/wordpress\/?page_id=3535\">13 april 2022: Marieke Oprel en Ren\u00e9 van Stipriaan<\/a><\/p>\n<p><a href=\"https:\/\/historischcafe.nl\/wordpress\/?page_id=3522\">9 maart 2022: Tim Smeets en Loes Hegger<\/a><\/p>\n<p><a href=\"https:\/\/historischcafe.nl\/wordpress\/?page_id=3504\">10 november 2021: Gerben Post, Lieneke Frerichs en Rob van Dam<\/a><\/p>\n<p><a href=\"https:\/\/historischcafe.nl\/wordpress\/?page_id=3487\">13 oktober 2021: Suze Zijlstra en Danielle van den Heuvel<\/a><\/p>\n<p><a href=\"https:\/\/historischcafe.nl\/wordpress\/?page_id=3463\">8 september 2021: Daniel Soliman, Edwin Kleijn en Robin te Slaa<\/a><\/p>\n<h5>Seizoen 2020-2021<\/h5>\n<p><em>In verband met het Coronavirus is een groot aantal Historisch Caf\u00e9s als Podcast verschenen. U kunt deze afleveringen luisteren op <a href=\"https:\/\/historischcafe.nl\/wordpress\/?page_id=3198\">onze podcastpagina<\/a> via Soundcloud, via <a href=\"https:\/\/podcasts.apple.com\/nl\/podcast\/historisch-caf\u00e9\/id1515472859\">Apple Podcasts<\/a> en via\u00a0<a href=\"https:\/\/open.spotify.com\/show\/3JkJSZu2Pb7uL0UF6h6lnb?si=IG1I8sFzTDKMiq9RDHOM_Q\">Spotify<\/a>.<\/em><\/p>\n<p><a href=\"https:\/\/historischcafe.nl\/wordpress\/?page_id=3269\">9 september 2020:\u00a0Nik\u00e9 Wentholt en\u00a0Thomas Smits<\/a><\/p>\n<h5>Seizoen 2019-2020<\/h5>\n<p><em>In verband met het Coronavirus konden de Historisch Caf\u00e9s van april en mei 2020 helaas niet doorgaan.\u00a0<\/em><\/p>\n<p><a href=\"https:\/\/historischcafe.nl\/wordpress\/?page_id=3154\">11 maart 2020: Stephan Steinmetz en Wim Pelt <\/a><\/p>\n<p><a href=\"https:\/\/historischcafe.nl\/wordpress\/?page_id=3135\">12 februari 2020: Carolina Lenarduzzi<em>\u00a0<\/em>en Ingrid de Zwarte<\/a><\/p>\n<p><a href=\"https:\/\/historischcafe.nl\/wordpress\/?page_id=3109\">8 januari 2020: Sjeng Scheijen, Willem van Haarlem en Wim Hupperetz <\/a><\/p>\n<p><a href=\"https:\/\/historischcafe.nl\/wordpress\/?page_id=3091\">11 december 2019: Gabri van Tussenbroek, Petra van Dam en Janna Coomans\u00a0<\/a><\/p>\n<p><a href=\"https:\/\/historischcafe.nl\/wordpress\/?page_id=3070\">13 november 2019: Pieta van Beek,\u00a0Annemari\u00e9 van Niekerk en Remco Breuker<\/a><\/p>\n<p><a href=\"https:\/\/historischcafe.nl\/wordpress\/?page_id=3038\">9 oktober 2019: Dorothee Sturkenboom, Natalie Scholz en Tomas van den Heuvel<\/a><\/p>\n<p><a href=\"https:\/\/historischcafe.nl\/wordpress\/?page_id=2926\">11 september 2019: Eric Storm en Ivo van de Wijdeven<\/a><\/p>\n<h5>Seizoen 2018-2019<\/h5>\n<p><a href=\"https:\/\/historischcafe.nl\/wordpress\/?page_id=2883\">22 Mei: Fridus Steijlen en Koen de Groot<\/a><\/p>\n<p><a href=\"https:\/\/historischcafe.nl\/wordpress\/?page_id=2851\">10 april 2019: <span class=\"m_-2839005433509333592gmail-s1\">Annet Mooij en Maarten Prak<\/span><\/a><\/p>\n<p><a href=\"https:\/\/historischcafe.nl\/wordpress\/?page_id=2826\">13 maart 2019: Helen Schretlen, Mirjam Shatanawi, Els Kloek en Agnes Cremers<\/a><\/p>\n<p><a href=\"https:\/\/historischcafe.nl\/wordpress\/?page_id=2797\">13 februari: Sophie Elpers en Peter van Dam<\/a><\/p>\n<p><a href=\"https:\/\/historischcafe.nl\/wordpress\/?page_id=2765\">9 januari 2019: Marjolein \u2018t Hart, Djoeke van Netten en Robert-Jan Wille<\/a><\/p>\n<p><a href=\"https:\/\/historischcafe.nl\/wordpress\/?page_id=2752\">12 december 2018:\u00a0\u00a0Kayleigh Goudsmit en Femke Deen<\/a><\/p>\n<p><a href=\"https:\/\/historischcafe.nl\/wordpress\/?page_id=2731\">14 november 2018: Alice de Jong en Jerzy Gawronski\u00a0<\/a><\/p>\n<p><a href=\"https:\/\/historischcafe.nl\/wordpress\/?page_id=2693\">10 oktober 2018: Jubileumeditie met Marita Mathijsen, Thomas von der Dunk en extra gasten<\/a><\/p>\n<p><a href=\"https:\/\/historischcafe.nl\/wordpress\/?page_id=2664\">12 september 2018: Alex Bakker en Josephine van den Bent\u00a0<\/a><\/p>\n<p><a href=\"https:\/\/historischcafe.nl\/wordpress\/?page_id=2645\">22 augustus 2018: *Extra* Historisch Caf\u00e9 \u2013 Museum Het Schip<\/a><\/p>\n<h5>Seizoen 2017-2018<\/h5>\n<p><a href=\"https:\/\/historischcafe.nl\/wordpress\/?page_id=2586\">9 mei 2018: Devin Vartija en Geert Buelens<\/a><\/p>\n<p>11 april 2018: <a href=\"https:\/\/historischcafe.nl\/wordpress\/?page_id=2555\">Caro Verbeek en Bram van den Hout<\/a><\/p>\n<p>14 maart 2018: <a href=\"https:\/\/historischcafe.nl\/wordpress\/?page_id=2529\">Willem van der Ham en Inger Leemans<\/a><\/p>\n<p><a href=\"https:\/\/historischcafe.nl\/wordpress\/?page_id=2575\">14 februari 2018: Daniel Knegt en Arthur Weststeijn<\/a><\/p>\n<p><a href=\"http:\/\/www.geheugenvandevu.nl\/hoofdmenu\/dossiers\/100jaargeschiedenis\">26 januari 2018: Speciale editie: VU Historisch Caf\u00e9<\/a><\/p>\n<p><a href=\"https:\/\/historischcafe.nl\/wordpress\/?page_id=2448\">10 januari 2018: Tim Verlaan en Bart Wallet<\/a><\/p>\n<p><a href=\"https:\/\/historischcafe.nl\/wordpress\/?page_id=2427\">13 december 2017: Samuel Kruizinga en Ewoud Kieft<\/a><\/p>\n<p><a href=\"https:\/\/historischcafe.nl\/wordpress\/?page_id=2413\">8 november 2017: Gijs Kessler, Jeffrey Pijpers en Stephanie Noach<\/a><\/p>\n<p><a href=\"https:\/\/historischcafe.nl\/wordpress\/?page_id=2405\">11 oktober 2017: Robert Flierman en Rianneke van der Houwen<\/a><\/p>\n<p><a href=\"https:\/\/historischcafe.nl\/wordpress\/?page_id=2393\">13 september 2017: Karin Hofmeester en Annette Koenders<\/a><\/p>\n<h5>Seizoen 2016-2017<\/h5>\n<p><a href=\"https:\/\/historischcafe.nl\/wordpress\/?page_id=2366\">10 mei 2017:\u00a0Robin te Slaa, Willem Huberts en Peter Jan Margry<\/a><\/p>\n<p><a href=\"https:\/\/historischcafe.nl\/wordpress\/?page_id=2352\">12 april 2017: Ren\u00e9e R\u00f6mkens en Ewoud Sanders<\/a><\/p>\n<p><a href=\"https:\/\/historischcafe.nl\/wordpress\/?page_id=2343\">8 maart 2017: Anne Petterson en Martine Gosselink<\/a><\/p>\n<p><a href=\"https:\/\/historischcafe.nl\/wordpress\/?page_id=2328\">8 februari 2017: Gert Oostindie en Marjet Brolsma<\/a><\/p>\n<p><a href=\"https:\/\/historischcafe.nl\/wordpress\/?page_id=2313\">11 januari 2017: Ton Heijdra en Lodewijk Petram<\/a><\/p>\n<p><a href=\"https:\/\/historischcafe.nl\/wordpress\/?page_id=2303\">14 december 2016: Jaap van Moolenbroek, Lotte Jensen en Tymen Peverelli<\/a><\/p>\n<p><a href=\"https:\/\/historischcafe.nl\/wordpress\/?page_id=2285\">9 november 2016: Cees Wiebes, Craig Harline en Geert Janssen<\/a><\/p>\n<p><a href=\"https:\/\/historischcafe.nl\/wordpress\/?page_id=2267\">12 oktober 2016: David Rijser en Anne-Lot Hoek<\/a><\/p>\n<p><a href=\"https:\/\/historischcafe.nl\/wordpress\/?page_id=2252\">14 september 2016: Anton van der Lem, Judith Schuyf en Vincent Boele<\/a><\/p>\n<h5>Seizoen 2015-2016<\/h5>\n<p><a href=\"https:\/\/historischcafe.nl\/wordpress\/?page_id=2216\">22 juni 2016: Historische Pubquiz<\/a><\/p>\n<p><a href=\"https:\/\/historischcafe.nl\/wordpress\/?page_id=2195\">11 mei 2016: Roos van Oosten en Stephan Steinmetz<\/a><\/p>\n<p><a href=\"https:\/\/historischcafe.nl\/wordpress\/?page_id=2183\">13 april 2016: Herman Vuijsje, Peter-Paul de Baar, Marcel Ruijters en Rik Spanjers<\/a><\/p>\n<p><a href=\"https:\/\/historischcafe.nl\/wordpress\/?page_id=2137\">9 maart 2016: Tristan Mostert, Jan van Campen, Rimko van der Maar en Annemarie de Wildt<\/a><\/p>\n<p><a title=\"Programma 10 februari 2016\" href=\"https:\/\/historischcafe.nl\/wordpress\/?page_id=2113\">10 februari 2016: Ralf Futselaar en Alies Pegtel<\/a><\/p>\n<p><a title=\"Programma 13 januari 2016\" href=\"https:\/\/historischcafe.nl\/wordpress\/?page_id=2096\">13 januari 2016: Sytze van der Zee en Frits Boterman<\/a><\/p>\n<p><a title=\"Programma 9 december 2015\" href=\"https:\/\/historischcafe.nl\/wordpress\/?page_id=2079\">9 december 2015: Ewoud Kieft, Niek Pas en Jurryt van de Vooren<\/a><\/p>\n<p><a title=\"Programma 11 november 2015\" href=\"https:\/\/historischcafe.nl\/wordpress\/?page_id=2056\">11 november 2015: Fenneke Sysling, Gert Oostindie en Ren\u00e9 Kok<\/a><\/p>\n<p><a title=\"14 oktober 2015: Piet de Rooy, Jasper Rijpma en Marc van Berkel\" href=\"https:\/\/historischcafe.nl\/wordpress\/?page_id=2042\">14 oktober 2015: Piet de Rooy, Jasper Rijpma, Marc van Berkel<\/a><\/p>\n<p><a title=\"Programma 9 september 2015\" href=\"https:\/\/historischcafe.nl\/wordpress\/?page_id=2012\">9 september 2015: Femke Deen, Jurri\u00ebn de Jong en Ben Schoenmaker<\/a><\/p>\n<h5>Seizoen 2014-2015<\/h5>\n<p><a title=\"Programma 3 juni 2015\" href=\"https:\/\/historischcafe.nl\/wordpress\/?page_id=1980\">3 juni 2015: Historische pubquiz (speciale eindeseizoensaflevering)<\/a><\/p>\n<p><a title=\"Programma 13 mei 2015\" href=\"https:\/\/historischcafe.nl\/wordpress\/?page_id=1965\">13 mei 2015: David Baneke, Hans Goedkoop en Jouke Turpijn<\/a><\/p>\n<p><a title=\"Programma 8 april 2015\" href=\"https:\/\/historischcafe.nl\/wordpress\/?page_id=1916\">8 april 2015: Gemma Blok en Pepijn Reeser<\/a><\/p>\n<p><a title=\"Programma 28 maart 2015 (Extra Historisch Caf\u00e9)\" href=\"https:\/\/historischcafe.nl\/wordpress\/?page_id=1888\">28 maart 2015: Extra Historisch Caf\u00e9 met Michael Pye<\/a><\/p>\n<p><a title=\"Programma 11 maart 2015\" href=\"https:\/\/historischcafe.nl\/wordpress\/?page_id=1868\">11 maart 2015: Hans Bots en Marc Dierikx<\/a><\/p>\n<p><a title=\"Programma 26 februari 2015 (extra Historisch Caf\u00e9)\" href=\"https:\/\/historischcafe.nl\/wordpress\/?page_id=1860\">26 februari 2015: Extra Historisch Caf\u00e9 met Philip Dr\u00f6ge<\/a><\/p>\n<p><a title=\"Programma 11 februari 2015\" href=\"https:\/\/historischcafe.nl\/wordpress\/?page_id=1836\">11 februari 2015: Marc Jansen, U\u011fur \u00dcng\u00f6r en Anush Grati<\/a><\/p>\n<p><a title=\"Programma 14 januari 2015\" href=\"https:\/\/historischcafe.nl\/wordpress\/?page_id=1782\">14 januari 2015: Geert Janssen, Floris Solleveld, Jacques Bos en Wijnand Mijnhardt<\/a><\/p>\n<p><a title=\"Programma 10 december 2014\" href=\"https:\/\/historischcafe.nl\/wordpress\/?page_id=1763\">10 december 2014: Manon van der Heijden, Hinke Piersma en Jaap Cohen<\/a><\/p>\n<p><a title=\"Programma 12 november 2014\" href=\"https:\/\/historischcafe.nl\/wordpress\/?page_id=1712\">12 november 2014: Joost Rosendaal, Guy Geltner en Pieter Spierenburg<\/a><\/p>\n<p><a title=\"Programma 6 november 2014 (Extra Historisch Caf\u00e9)\" href=\"https:\/\/historischcafe.nl\/wordpress\/?page_id=1724\">6 november 2014: Extra Historisch Caf\u00e9 met Hanco J\u00fcrgens<\/a><\/p>\n<p><a title=\"Programma 25 oktober 2014 (extra Historisch Caf\u00e9)\" href=\"https:\/\/historischcafe.nl\/wordpress\/?page_id=1660\">25 oktober 2014: Extra Historisch Caf\u00e9 met Benjamin Kaplan<\/a><\/p>\n<p><a title=\"Programma 13 oktober 2014 (extra Historisch Caf\u00e9)\" href=\"https:\/\/historischcafe.nl\/wordpress\/?page_id=1640\">13 oktober 2014: Extra Historisch Caf\u00e9 met Simon Winder<\/a><\/p>\n<p><a title=\"Programma 8 oktober 2014\" href=\"https:\/\/historischcafe.nl\/wordpress\/?page_id=1635\">8 oktober 2014: Sebastian Rypson en Dienke Hondius<\/a><\/p>\n<p><a title=\"Programma 10 september 2014\" href=\"https:\/\/historischcafe.nl\/wordpress\/?page_id=1621\">10 september 2014: Martine Veldhuizen, Cornelis van der Bas en Samu\u00ebl Kruizinga<\/a><\/p>\n<h5>Seizoen 2013-2014<\/h5>\n<p><a title=\"Programma 26 juni 2014\" href=\"https:\/\/historischcafe.nl\/wordpress\/?page_id=1594\">26 juni 2014: Extra Historisch Caf\u00e9 met Peter Finn en Petra Couv\u00e9e<\/a><\/p>\n<p><a title=\"Programma 11 juni 2014\" href=\"https:\/\/historischcafe.nl\/wordpress\/?page_id=1586\">11 juni 2014: Historische pubquiz (speciale eindejaarsaflevering)<\/a><\/p>\n<p><a title=\"- Programma 14 mei 2014\" href=\"https:\/\/historischcafe.nl\/wordpress\/?page_id=1569\">14 mei 2014: Remco Ensel, Robin de Bruin en Jieskje Hollander<\/a><\/p>\n<p><a title=\"- Programma 9 april 2014\" href=\"https:\/\/historischcafe.nl\/wordpress\/?page_id=1558\">9 april 2014: Bas von Benda-Beckmann, Bram Mellink en Oscar Verkaaik<\/a><\/p>\n<p><a title=\"- Programma 12 maart 2014\" href=\"https:\/\/historischcafe.nl\/wordpress\/?page_id=1528\">12 maart 2014: Dik van der Meulen en Jeroen Koch<\/a><\/p>\n<p><a title=\"- Programma 12 februari 2014\" href=\"https:\/\/historischcafe.nl\/wordpress\/?page_id=1505\">12 februari 2014: Niels Weitkamp, Max Meijer en Ivo Nieuwenhuis<\/a><\/p>\n<p><a title=\"- Programma 11 december 2013\" href=\"https:\/\/historischcafe.nl\/wordpress\/?page_id=1431\">11 december 2013: Robert Stein, Ronald Kroeze en Michel van Hulten<\/a><\/p>\n<p><a title=\"- Programma 13 november 2013\" href=\"https:\/\/historischcafe.nl\/wordpress\/?page_id=1357\">13 november 2013: Bart Verheijen, Marita Mathijsen en Jan Rock<\/a><\/p>\n<p><a title=\"- Programma 6 november 2013 (Extra Historisch Caf\u00e9)\" href=\"https:\/\/historischcafe.nl\/wordpress\/?page_id=1328\">6 november 2013: Extra Historisch Caf\u00e9 met Catherine Merridale en Marc Jansen<\/a><\/p>\n<p><a title=\"- Programma 9 oktober 2013\" href=\"https:\/\/historischcafe.nl\/wordpress\/?page_id=1267\">9 oktober 2013: Edwina Hagen, Yuri Visser, Paul Knevel en Gijs Sevenhuijsen (speciale jubile\u00fcmaflevering)<\/a><\/p>\n<p><a title=\"- Programma 11 september 2013\" href=\"https:\/\/historischcafe.nl\/wordpress\/?page_id=1215\">11 september 2013: Quirine Eijkman, Willem Melching en Moritz F\u00f6llmer<\/a><\/p>\n<h5>Seizoen 2012-2013<\/h5>\n<p><a title=\"- Programma 12 juni 2013\" href=\"https:\/\/historischcafe.nl\/wordpress\/?page_id=1135\">12 juni 2013: Historische pubquiz (speciale eindeseizoensaflevering)<\/a><\/p>\n<p><a title=\"- Programma 8 mei 2013\" href=\"https:\/\/historischcafe.nl\/wordpress\/?page_id=1100\">8 mei 2013: Bart Leeuwenburgh, Ad van Liempt, Marie-Cecile van Hintum, Anne-Marie Mreijen en Elias van der Plicht<\/a><\/p>\n<p><a title=\"- Programma 10 april 2013\" href=\"https:\/\/historischcafe.nl\/wordpress\/?page_id=1051\">10 april 2013: Eric Duivenvoorden, Hans Renders en Dik van der Meulen<\/a><\/p>\n<p><a title=\"Programma 13 maart 2013\" href=\"https:\/\/historischcafe.nl\/wordpress\/?page_id=1015\">13 maart 2013: Ed Taverne, Sebastian Dembski, Herman de Liagre B\u00f6hl en Vincent van Rossem<\/a><\/p>\n<p><a title=\"Programma 13 februari 2013\" href=\"https:\/\/historischcafe.nl\/wordpress\/?page_id=988\">13 februari 2013: Ileen Montijn, Duco Hellema en Jan Willem Duyvendak<\/a><\/p>\n<p><a title=\"Programma 9 januari 2013\" href=\"https:\/\/historischcafe.nl\/wordpress\/?page_id=953\">9 januari 2013: G\u00fcnay Uslu, Joris Oddens en Mart Rutjes<\/a><\/p>\n<p><a title=\"Programma 12 december 2012\" href=\"https:\/\/historischcafe.nl\/wordpress\/?page_id=933\">12 december 2012: Samu\u00ebl Kruizinga, Jona Lendering en Piet Gerbrandy<\/a><\/p>\n<p><a title=\"Programma 14 november 2012\" href=\"https:\/\/historischcafe.nl\/wordpress\/?page_id=911\">14 november 2012: Ella Reitsma, Erik van Ree en Sjoerd Keulen<\/a><\/p>\n<p><a title=\"Programma Historisch Caf\u00e9 10 oktober 2012\" href=\"https:\/\/historischcafe.nl\/wordpress\/?page_id=867\">10 oktober 2012: Jos Gommans, Piet Emmer en Rob Hartmans<\/a><\/p>\n<p><a title=\"Programma 19 september 2012\" href=\"https:\/\/historischcafe.nl\/wordpress\/?page_id=816\">19 september 2012: Ron de Jong, Thomas Muntz, Paul Lucardie en Robin te Slaa<\/a><\/p>\n<h5>Seizoen 2011-2012<\/h5>\n<p><a title=\"Programma 16 mei 2012\" href=\"https:\/\/historischcafe.nl\/wordpress\/?page_id=695\">16 mei 2012: Hans Buddingh&#8217; e.a. (extra Historisch Caf\u00e9 in Spui25)<\/a><\/p>\n<p><a title=\"Programma 9 mei 2012\" href=\"https:\/\/historischcafe.nl\/wordpress\/?page_id=738\">9 mei 2012: Luuc Kooijmans, Karel Davids en Marjolein &#8216;t Hart<\/a><\/p>\n<p><a title=\"Programma 11 april 2012\" href=\"https:\/\/historischcafe.nl\/wordpress\/?page_id=641\">11 april 2012: Frits Hoekstra, Eginhard Meijering en Peter van Rooden<\/a><\/p>\n<p><a title=\"Programma 14 maart 2012\" href=\"https:\/\/historischcafe.nl\/wordpress\/?page_id=607\">14 maart 2012: Judith Pollmann, Jeroen Koch en Frans Willem Lantink<\/a><\/p>\n<p><a title=\"Programma 8 februari 2012\" href=\"https:\/\/historischcafe.nl\/wordpress\/?page_id=549\">8 februari 2012: Cor Wagenaar, Jan Kuipers en Marco Mostert<\/a><\/p>\n<p><a title=\"Programma 11 januari 2012\" href=\"https:\/\/historischcafe.nl\/wordpress\/?page_id=504\">11 januari 2012: Peter Altena, Chris van der Heijden en Krijn Thijs<\/a><\/p>\n<p><a href=\"https:\/\/historischcafe.nl\/wordpress\/?page_id=297\">14 december 2011: Jouke Turpijn, Jos Bazelmans en Wybren Verstegen<\/a><\/p>\n<p><a href=\"https:\/\/historischcafe.nl\/wordpress\/?page_id=197\">9 november 2011: Peter Raedts, Gemma Blok en Ton Nabben<\/a><\/p>\n<p><a href=\"https:\/\/historischcafe.nl\/wordpress\/?page_id=149\">13 oktober 2011: Emiel de Bont en Joeri Boom<\/a><\/p>\n<p><a href=\"https:\/\/historischcafe.nl\/wordpress\/?page_id=159\">12 oktober 2011: Vera Hoorens, Evertjan van Roekel en Inger Schaap<\/a><\/p>\n<p><a href=\"https:\/\/historischcafe.nl\/wordpress\/?page_id=180\">14 september 2011: Peter van Dam, Jan Lucassen en Markha Valenta<\/a><\/p>\n<h5><\/h5>\n<h5>Seizoen 2010-2011<\/h5>\n<p><a title=\"Programma 22 juni 2011\" href=\"https:\/\/historischcafe.nl\/wordpress\/?page_id=225\">22 juni 2011: Francis Spufford en Erik van Ree<\/a><\/p>\n<p><a title=\"Programma 8 juni 2011\" href=\"https:\/\/historischcafe.nl\/wordpress\/?page_id=235\">8 juni 2011: De Slag om Amsterdam VII<\/a><\/p>\n<p><a href=\"https:\/\/historischcafe.nl\/wordpress\/?page_id=243\">30 mei 2011: Frank Dik\u00f6tter en en Stefan Landsberger<\/a><\/p>\n<p><a href=\"https:\/\/historischcafe.nl\/wordpress\/?page_id=262\">11 mei 2011: Anique de Kruijff en Willem Melching<\/a><\/p>\n<p><a href=\"https:\/\/historischcafe.nl\/wordpress\/?page_id=367\">13 april 2011: Auke van der Woud en Jo Tollebeek<\/a><\/p>\n<p><a href=\"https:\/\/historischcafe.nl\/wordpress\/?page_id=404\">9 maart 2011: Wim van den Doel, Margit van der Steen en Herman Langeveld<\/a><\/p>\n<p><a href=\"https:\/\/historischcafe.nl\/wordpress\/?page_id=436\">9 februari 2011: Rens Bod, Lodewijk Petram en Oscar Gelderblom<\/a><\/p>\n<p><a href=\"https:\/\/historischcafe.nl\/wordpress\/?page_id=444\">26 januari 2011: Luc Panhuysen en Thomas Rosenboom<\/a><\/p>\n<p><a href=\"https:\/\/historischcafe.nl\/wordpress\/?page_id=454\">12 januari 2011: Barend ter Haar, Rien Fraanje en Marcel Metze<\/a><\/p>\n<h5><\/h5>\n<h5>Seizoenen 2003-2010<\/h5>\n<p>Eerdere edities van het Historisch Caf\u00e9 kunt u <a href=\"http:\/\/historischcafe.nl\/archief.php\">hier<\/a> vinden (oude website Historisch Caf\u00e9).<\/p>\n","protected":false},"excerpt":{"rendered":"<p>Hieronder treft u voorgaande edities van het Historisch Caf\u00e9 aan. Seizoen 2025-2026 11 maart 2026: Tim Ruting over Flexibele arbeid en Anna Boogaard over De Kriterionmeisjes. 11 februari 2026: Michel Krielaars over de Wolga en Maarten Reesink over katten 14 januari 2026: Isabel Casteels over executies in de Lage Landen en Janna Coomans over Dievenland &hellip; <\/p>\n<p class=\"link-more\"><a href=\"https:\/\/historischcafe.nl\/wordpress\/?page_id=19\" class=\"more-link\">Continue reading<span class=\"screen-reader-text\"> &#8220;Archief&#8221;<\/span><\/a><\/p>\n","protected":false},"author":1,"featured_media":0,"parent":0,"menu_order":3,"comment_status":"closed","ping_status":"open","template":"","meta":{"footnotes":""},"class_list":["post-19","page","type-page","status-publish","hentry","entry"],"_links":{"self":[{"href":"https:\/\/historischcafe.nl\/wordpress\/index.php?rest_route=\/wp\/v2\/pages\/19","targetHints":{"allow":["GET"]}}],"collection":[{"href":"https:\/\/historischcafe.nl\/wordpress\/index.php?rest_route=\/wp\/v2\/pages"}],"about":[{"href":"https:\/\/historischcafe.nl\/wordpress\/index.php?rest_route=\/wp\/v2\/types\/page"}],"author":[{"embeddable":true,"href":"https:\/\/historischcafe.nl\/wordpress\/index.php?rest_route=\/wp\/v2\/users\/1"}],"replies":[{"embeddable":true,"href":"https:\/\/historischcafe.nl\/wordpress\/index.php?rest_route=%2Fwp%2Fv2%2Fcomments&post=19"}],"version-history":[{"count":166,"href":"https:\/\/historischcafe.nl\/wordpress\/index.php?rest_route=\/wp\/v2\/pages\/19\/revisions"}],"predecessor-version":[{"id":4123,"href":"https:\/\/historischcafe.nl\/wordpress\/index.php?rest_route=\/wp\/v2\/pages\/19\/revisions\/4123"}],"wp:attachment":[{"href":"https:\/\/historischcafe.nl\/wordpress\/index.php?rest_route=%2Fwp%2Fv2%2Fmedia&parent=19"}],"curies":[{"name":"wp","href":"https:\/\/api.w.org\/{rel}","templated":true}]}}